{"id":69459,"date":"2023-04-19T15:52:06","date_gmt":"2023-04-19T19:52:06","guid":{"rendered":"http:\/\/ideascale.com\/event\/deia-im-innovations-oekosystem\/"},"modified":"2024-01-17T08:59:00","modified_gmt":"2024-01-17T12:59:00","slug":"deia-im-innovations-oekosystem","status":"publish","type":"event_listing","link":"https:\/\/ideascale.com\/de\/event\/deia-im-innovations-oekosystem\/","title":{"rendered":"DEIA im Innovations\u00f6kosystem der Regierung"},"content":{"rendered":"<p>Besuchen Sie uns am 10. Mai 2023 von 7:30 bis 10:00 Uhr. ET zu einem anregenden Fr\u00fchst\u00fcck mit Vortr\u00e4gen \u00fcber die F\u00f6rderung von Vielfalt, Gleichberechtigung, Eingliederung und Zug\u00e4nglichkeit (DEIA) in der Verwaltung. Wir freuen uns, dass wir die folgenden Referenten gewinnen konnten und hoffen, dass Sie die Informationen nutzen k\u00f6nnen, um zukunftsorientierte Organisationen zu schaffen.<\/p>\n<ul>\n<li>Hope Adler, Leiterin der Abteilung f\u00fcr Kommunikation und Politik bei Concepts Inc., spricht mit uns \u00fcber die DEIA-Initiativen des US-Arbeitsministeriums, darunter die neu eingef\u00fchrten \u00f6ffentlichen Dialoge &#8222;Mental Health Matters&#8220;.<\/li>\n<li>Commander Pedro Vazquez, Innovationsmanager der K\u00fcstenwache der Vereinigten Staaten, B\u00fcro f\u00fcr Forschung, Entwicklung, Test und Evaluierung und Innovation. Er sprach \u00fcber das Innovationsprogramm der K\u00fcstenwache. Die Genehmigung der Agentur steht noch aus.<\/li>\n<\/ul>\n<p><strong>* Diese Veranstaltung wird in englischer Sprache durchgef\u00fchrt.<\/strong><\/p>\n","protected":false},"featured_media":69460,"template":"","meta":[],"event_listing_type":[3198],"class_list":["post-69459","event_listing","type-event_listing","status-publish","has-post-thumbnail","hentry","event_listing_type-webinar-de"],"yoast_head":"<!-- This site is optimized with the Yoast SEO plugin v26.6 - https:\/\/yoast.com\/wordpress\/plugins\/seo\/ -->\n<title>DEIA im Innovations\u00f6kosystem der Regierung - IdeaScale<\/title>\n<meta name=\"description\" content=\"Besuchen Sie uns am 10. Mai 2023 von 7:30 bis 10:00 Uhr. ET zu einem anregenden Fr\u00fchst\u00fcck und einer Podiumsdiskussion \u00fcber die F\u00f6rderung von Vielfalt, Gleichberechtigung, Integration und Zug\u00e4nglichkeit (DEIA) in der Bundesbelegschaft.\" \/>\n<meta name=\"robots\" content=\"index, follow, max-snippet:-1, max-image-preview:large, max-video-preview:-1\" \/>\n<link rel=\"canonical\" href=\"https:\/\/ideascale.com\/de\/event\/deia-im-innovations-oekosystem\/\" \/>\n<meta property=\"og:locale\" content=\"de_DE\" \/>\n<meta property=\"og:type\" content=\"article\" \/>\n<meta property=\"og:title\" content=\"DEIA im Innovations\u00f6kosystem der Regierung - IdeaScale\" \/>\n<meta property=\"og:description\" content=\"Besuchen Sie uns am 10. Mai 2023 von 7:30 bis 10:00 Uhr. ET zu einem anregenden Fr\u00fchst\u00fcck und einer Podiumsdiskussion \u00fcber die F\u00f6rderung von Vielfalt, Gleichberechtigung, Integration und Zug\u00e4nglichkeit (DEIA) in der Bundesbelegschaft.\" \/>\n<meta property=\"og:url\" content=\"https:\/\/ideascale.com\/de\/event\/deia-im-innovations-oekosystem\/\" \/>\n<meta property=\"og:site_name\" content=\"IdeaScale\" \/>\n<meta property=\"article:publisher\" content=\"https:\/\/www.facebook.com\/ideascale\" \/>\n<meta property=\"article:modified_time\" content=\"2024-01-17T12:59:00+00:00\" \/>\n<meta property=\"og:image\" content=\"https:\/\/ideascale.com\/wp-content\/uploads\/2023\/04\/Rectangle-SocialMedia-Webinar-Feb23-16-\u00d7-9-in-6.png\" \/>\n\t<meta property=\"og:image:width\" content=\"1280\" \/>\n\t<meta property=\"og:image:height\" content=\"720\" \/>\n\t<meta property=\"og:image:type\" content=\"image\/png\" \/>\n<meta name=\"twitter:card\" content=\"summary_large_image\" \/>\n<meta name=\"twitter:site\" content=\"@ideascale\" \/>\n<meta name=\"twitter:label1\" content=\"Gesch\u00e4tzte Lesezeit\" \/>\n\t<meta name=\"twitter:data1\" content=\"1\u00a0Minute\" \/>\n<script type=\"application\/ld+json\" class=\"yoast-schema-graph\">{\"@context\":\"https:\/\/schema.org\",\"@graph\":[{\"@type\":\"WebPage\",\"@id\":\"https:\/\/ideascale.com\/de\/event\/deia-im-innovations-oekosystem\/\",\"url\":\"https:\/\/ideascale.com\/de\/event\/deia-im-innovations-oekosystem\/\",\"name\":\"DEIA im Innovations\u00f6kosystem der Regierung - IdeaScale\",\"isPartOf\":{\"@id\":\"http:\/\/ideascale.com\/de\/#website\"},\"primaryImageOfPage\":{\"@id\":\"https:\/\/ideascale.com\/de\/event\/deia-im-innovations-oekosystem\/#primaryimage\"},\"image\":{\"@id\":\"https:\/\/ideascale.com\/de\/event\/deia-im-innovations-oekosystem\/#primaryimage\"},\"thumbnailUrl\":\"https:\/\/ideascale.com\/wp-content\/uploads\/2023\/04\/Rectangle-SocialMedia-Webinar-Feb23-16-\u00d7-9-in-6.png\",\"datePublished\":\"2023-04-19T19:52:06+00:00\",\"dateModified\":\"2024-01-17T12:59:00+00:00\",\"description\":\"Besuchen Sie uns am 10. Mai 2023 von 7:30 bis 10:00 Uhr. ET zu einem anregenden Fr\u00fchst\u00fcck und einer Podiumsdiskussion \u00fcber die F\u00f6rderung von Vielfalt, Gleichberechtigung, Integration und Zug\u00e4nglichkeit (DEIA) in der Bundesbelegschaft.\",\"breadcrumb\":{\"@id\":\"https:\/\/ideascale.com\/de\/event\/deia-im-innovations-oekosystem\/#breadcrumb\"},\"inLanguage\":\"de\",\"potentialAction\":[{\"@type\":\"ReadAction\",\"target\":[\"https:\/\/ideascale.com\/de\/event\/deia-im-innovations-oekosystem\/\"]}]},{\"@type\":\"ImageObject\",\"inLanguage\":\"de\",\"@id\":\"https:\/\/ideascale.com\/de\/event\/deia-im-innovations-oekosystem\/#primaryimage\",\"url\":\"https:\/\/ideascale.com\/wp-content\/uploads\/2023\/04\/Rectangle-SocialMedia-Webinar-Feb23-16-\u00d7-9-in-6.png\",\"contentUrl\":\"https:\/\/ideascale.com\/wp-content\/uploads\/2023\/04\/Rectangle-SocialMedia-Webinar-Feb23-16-\u00d7-9-in-6.png\",\"width\":1280,\"height\":720,\"caption\":\"IdeaScale Breakfast\"},{\"@type\":\"BreadcrumbList\",\"@id\":\"https:\/\/ideascale.com\/de\/event\/deia-im-innovations-oekosystem\/#breadcrumb\",\"itemListElement\":[{\"@type\":\"ListItem\",\"position\":1,\"name\":\"Veranstaltungen\",\"item\":\"https:\/\/ideascale.com\/de\/veranstaltungen\/\"},{\"@type\":\"ListItem\",\"position\":2,\"name\":\"DEIA im Innovations\u00f6kosystem der Regierung\"}]},{\"@type\":\"WebSite\",\"@id\":\"http:\/\/ideascale.com\/de\/#website\",\"url\":\"http:\/\/ideascale.com\/de\/\",\"name\":\"IdeaScale\",\"description\":\"Enterprise Innovation Management Software\",\"publisher\":{\"@id\":\"http:\/\/ideascale.com\/de\/#organization\"},\"potentialAction\":[{\"@type\":\"SearchAction\",\"target\":{\"@type\":\"EntryPoint\",\"urlTemplate\":\"http:\/\/ideascale.com\/de\/?s={search_term_string}\"},\"query-input\":{\"@type\":\"PropertyValueSpecification\",\"valueRequired\":true,\"valueName\":\"search_term_string\"}}],\"inLanguage\":\"de\"},{\"@type\":\"Organization\",\"@id\":\"http:\/\/ideascale.com\/de\/#organization\",\"name\":\"IdeaScale\",\"url\":\"http:\/\/ideascale.com\/de\/\",\"logo\":{\"@type\":\"ImageObject\",\"inLanguage\":\"de\",\"@id\":\"http:\/\/ideascale.com\/de\/#\/schema\/logo\/image\/\",\"url\":\"https:\/\/ideascale.com\/wp-content\/uploads\/2024\/10\/IdeaScale-Logo.png\",\"contentUrl\":\"https:\/\/ideascale.com\/wp-content\/uploads\/2024\/10\/IdeaScale-Logo.png\",\"width\":696,\"height\":696,\"caption\":\"IdeaScale\"},\"image\":{\"@id\":\"http:\/\/ideascale.com\/de\/#\/schema\/logo\/image\/\"},\"sameAs\":[\"https:\/\/www.facebook.com\/ideascale\",\"https:\/\/x.com\/ideascale\",\"https:\/\/www.instagram.com\/ideascale\/\",\"https:\/\/www.linkedin.com\/company\/ideascale\/\",\"https:\/\/www.youtube.com\/@Ideascalesolution\"]}]}<\/script>\n<!-- \/ Yoast SEO plugin. -->","yoast_head_json":{"title":"DEIA im Innovations\u00f6kosystem der Regierung - IdeaScale","description":"Besuchen Sie uns am 10. Mai 2023 von 7:30 bis 10:00 Uhr. ET zu einem anregenden Fr\u00fchst\u00fcck und einer Podiumsdiskussion \u00fcber die F\u00f6rderung von Vielfalt, Gleichberechtigung, Integration und Zug\u00e4nglichkeit (DEIA) in der Bundesbelegschaft.","robots":{"index":"index","follow":"follow","max-snippet":"max-snippet:-1","max-image-preview":"max-image-preview:large","max-video-preview":"max-video-preview:-1"},"canonical":"https:\/\/ideascale.com\/de\/event\/deia-im-innovations-oekosystem\/","og_locale":"de_DE","og_type":"article","og_title":"DEIA im Innovations\u00f6kosystem der Regierung - IdeaScale","og_description":"Besuchen Sie uns am 10. Mai 2023 von 7:30 bis 10:00 Uhr. ET zu einem anregenden Fr\u00fchst\u00fcck und einer Podiumsdiskussion \u00fcber die F\u00f6rderung von Vielfalt, Gleichberechtigung, Integration und Zug\u00e4nglichkeit (DEIA) in der Bundesbelegschaft.","og_url":"https:\/\/ideascale.com\/de\/event\/deia-im-innovations-oekosystem\/","og_site_name":"IdeaScale","article_publisher":"https:\/\/www.facebook.com\/ideascale","article_modified_time":"2024-01-17T12:59:00+00:00","og_image":[{"width":1280,"height":720,"url":"https:\/\/ideascale.com\/wp-content\/uploads\/2023\/04\/Rectangle-SocialMedia-Webinar-Feb23-16-\u00d7-9-in-6.png","type":"image\/png"}],"twitter_card":"summary_large_image","twitter_site":"@ideascale","twitter_misc":{"Gesch\u00e4tzte Lesezeit":"1\u00a0Minute"},"schema":{"@context":"https:\/\/schema.org","@graph":[{"@type":"WebPage","@id":"https:\/\/ideascale.com\/de\/event\/deia-im-innovations-oekosystem\/","url":"https:\/\/ideascale.com\/de\/event\/deia-im-innovations-oekosystem\/","name":"DEIA im Innovations\u00f6kosystem der Regierung - IdeaScale","isPartOf":{"@id":"http:\/\/ideascale.com\/de\/#website"},"primaryImageOfPage":{"@id":"https:\/\/ideascale.com\/de\/event\/deia-im-innovations-oekosystem\/#primaryimage"},"image":{"@id":"https:\/\/ideascale.com\/de\/event\/deia-im-innovations-oekosystem\/#primaryimage"},"thumbnailUrl":"https:\/\/ideascale.com\/wp-content\/uploads\/2023\/04\/Rectangle-SocialMedia-Webinar-Feb23-16-\u00d7-9-in-6.png","datePublished":"2023-04-19T19:52:06+00:00","dateModified":"2024-01-17T12:59:00+00:00","description":"Besuchen Sie uns am 10. Mai 2023 von 7:30 bis 10:00 Uhr. ET zu einem anregenden Fr\u00fchst\u00fcck und einer Podiumsdiskussion \u00fcber die F\u00f6rderung von Vielfalt, Gleichberechtigung, Integration und Zug\u00e4nglichkeit (DEIA) in der Bundesbelegschaft.","breadcrumb":{"@id":"https:\/\/ideascale.com\/de\/event\/deia-im-innovations-oekosystem\/#breadcrumb"},"inLanguage":"de","potentialAction":[{"@type":"ReadAction","target":["https:\/\/ideascale.com\/de\/event\/deia-im-innovations-oekosystem\/"]}]},{"@type":"ImageObject","inLanguage":"de","@id":"https:\/\/ideascale.com\/de\/event\/deia-im-innovations-oekosystem\/#primaryimage","url":"https:\/\/ideascale.com\/wp-content\/uploads\/2023\/04\/Rectangle-SocialMedia-Webinar-Feb23-16-\u00d7-9-in-6.png","contentUrl":"https:\/\/ideascale.com\/wp-content\/uploads\/2023\/04\/Rectangle-SocialMedia-Webinar-Feb23-16-\u00d7-9-in-6.png","width":1280,"height":720,"caption":"IdeaScale Breakfast"},{"@type":"BreadcrumbList","@id":"https:\/\/ideascale.com\/de\/event\/deia-im-innovations-oekosystem\/#breadcrumb","itemListElement":[{"@type":"ListItem","position":1,"name":"Veranstaltungen","item":"https:\/\/ideascale.com\/de\/veranstaltungen\/"},{"@type":"ListItem","position":2,"name":"DEIA im Innovations\u00f6kosystem der Regierung"}]},{"@type":"WebSite","@id":"http:\/\/ideascale.com\/de\/#website","url":"http:\/\/ideascale.com\/de\/","name":"IdeaScale","description":"Enterprise Innovation Management Software","publisher":{"@id":"http:\/\/ideascale.com\/de\/#organization"},"potentialAction":[{"@type":"SearchAction","target":{"@type":"EntryPoint","urlTemplate":"http:\/\/ideascale.com\/de\/?s={search_term_string}"},"query-input":{"@type":"PropertyValueSpecification","valueRequired":true,"valueName":"search_term_string"}}],"inLanguage":"de"},{"@type":"Organization","@id":"http:\/\/ideascale.com\/de\/#organization","name":"IdeaScale","url":"http:\/\/ideascale.com\/de\/","logo":{"@type":"ImageObject","inLanguage":"de","@id":"http:\/\/ideascale.com\/de\/#\/schema\/logo\/image\/","url":"https:\/\/ideascale.com\/wp-content\/uploads\/2024\/10\/IdeaScale-Logo.png","contentUrl":"https:\/\/ideascale.com\/wp-content\/uploads\/2024\/10\/IdeaScale-Logo.png","width":696,"height":696,"caption":"IdeaScale"},"image":{"@id":"http:\/\/ideascale.com\/de\/#\/schema\/logo\/image\/"},"sameAs":["https:\/\/www.facebook.com\/ideascale","https:\/\/x.com\/ideascale","https:\/\/www.instagram.com\/ideascale\/","https:\/\/www.linkedin.com\/company\/ideascale\/","https:\/\/www.youtube.com\/@Ideascalesolution"]}]}},"_links":{"self":[{"href":"https:\/\/ideascale.com\/de\/wp-json\/wp\/v2\/event_listing\/69459","targetHints":{"allow":["GET"]}}],"collection":[{"href":"https:\/\/ideascale.com\/de\/wp-json\/wp\/v2\/event_listing"}],"about":[{"href":"https:\/\/ideascale.com\/de\/wp-json\/wp\/v2\/types\/event_listing"}],"wp:featuredmedia":[{"embeddable":true,"href":"https:\/\/ideascale.com\/de\/wp-json\/wp\/v2\/media\/69460"}],"wp:attachment":[{"href":"https:\/\/ideascale.com\/de\/wp-json\/wp\/v2\/media?parent=69459"}],"wp:term":[{"taxonomy":"event_listing_type","embeddable":true,"href":"https:\/\/ideascale.com\/de\/wp-json\/wp\/v2\/event_listing_type?post=69459"}],"curies":[{"name":"wp","href":"https:\/\/api.w.org\/{rel}","templated":true}]}}